{"id":11476,"date":"2019-11-11T12:32:05","date_gmt":"2019-11-11T11:32:05","guid":{"rendered":"https:\/\/ake.de\/altalanos-uezleti-feltetelek\/"},"modified":"2020-02-07T12:54:15","modified_gmt":"2020-02-07T11:54:15","slug":"altalanos-uezleti-feltetelek","status":"publish","type":"page","link":"https:\/\/ake.de\/hu\/altalanos-uezleti-feltetelek\/","title":{"rendered":"\u00c1ltal\u00e1nos \u00fczleti felt\u00e9telek"},"content":{"rendered":"<div class=\"fusion-fullwidth fullwidth-box nonhundred-percent-fullwidth non-hundred-percent-height-scrolling\"  style='background-color: rgba(255,255,255,0);background-position: center center;background-repeat: no-repeat;padding-top:0px;padding-right:0px;padding-bottom:0px;padding-left:0px;'><div class=\"fusion-builder-row fusion-row \"><div  class=\"fusion-layout-column fusion_builder_column fusion_builder_column_1_1  fusion-one-full fusion-column-first fusion-column-last 1_1\"  style='margin-top:0px;margin-bottom:0px;'>\n\t\t\t\t\t<div class=\"fusion-column-wrapper\" style=\"padding: 0px 0px 0px 0px;background-position:left top;background-repeat:no-repeat;-webkit-background-size:cover;-moz-background-size:cover;-o-background-size:cover;background-size:cover;\"  data-bg-url=\"\">\n\t\t\t\t\t\t<div class=\"fusion-title title fusion-sep-none fusion-title-size-one\" style=\"margin-top:20px;margin-bottom:0px;\"><h1 class=\"title-heading-left\"><p style=\"text-align: left;\"><span style=\"color: #9d9d9d;\">\u00c1ltal\u00e1nos \u00fczleti felt\u00e9telek<br \/>\n<\/span><\/p><\/h1><\/div><div class=\"fusion-text\"><div id=\"c78\" class=\"csc-default csc-space-after-30\">\n<h2>AKE HUNG\u00c1RIA KFT.<br \/>\n\u00c1LTAL\u00c1NOS SZERZ\u0150D\u00c9SI FELT\u00c9TELEK<\/h2>\n<\/div>\n<div id=\"c81\" class=\"csc-default csc-space-after-30\">\n<div class=\"csc-header csc-header-n2\">\n<h3>1.\u00a7 Hat\u00e1ly<\/h3>\n<\/div>\n<p>A jelen \u00c1ltal\u00e1nos Szerz\u0151d\u00e9si \u00e9s Sz\u00e1ll\u00edt\u00e1si Felt\u00e9telek kiz\u00e1r\u00f3lagos hat\u00e1llyal terjednek ki az AKE Hung\u00e1ria Kft. valamennyi aj\u00e1nlat\u00e1ra, \u00e1rusz\u00e1ll\u00edt\u00e1s\u00e1ra, valamint az AKE Hung\u00e1ria Kft. \u00e1ltal teljes\u00edtett szolg\u00e1ltat\u00e1sokra \u00e9s a v\u00e1llalkoz\u00e1si szerz\u0151d\u00e9sek keret\u00e9ben t\u00f6rt\u00e9nt teljes\u00edt\u00e9sekre, k\u00fcl\u00f6n\u00f6sk\u00e9ppen pedig a j\u00f6v\u0151beni \u00fczleti kapcsolatokra. Ett\u0151l elt\u00e9r\u0151 meg\u00e1llapod\u00e1s csak \u00fagy \u00e9s akkor j\u00f6het l\u00e9tre, ha ez az AKE Hung\u00e1ria Kft. r\u00e9sz\u00e9r\u0151l \u00edr\u00e1sban meger\u0151s\u00edt\u00e9sre ker\u00fcl. Az \u00edr\u00e1sbelis\u00e9gre vonatkoz\u00f3 fenti szab\u00e1lyt\u00f3l elt\u00e9rni csak \u00edr\u00e1sban lehet. A Megrendel\u0151 jelen szab\u00e1lyoz\u00e1st\u00f3l elt\u00e9r\u0151 tartalm\u00fa felt\u00e9telei abban az esetben sem \u00e9rv\u00e9nyesek, ha konkr\u00e9t egyedi esetben azokt\u00f3l az AKE Hung\u00e1ria Kft. nem hat\u00e1rol\u00f3dik kifejezetten el.<\/p>\n<\/div>\n<div id=\"c80\" class=\"csc-default csc-space-after-30\">\n<div class=\"csc-header csc-header-n3\">\n<h3>2.\u00a7 Aj\u00e1nlat \u00e9s szerz\u0151d\u00e9sk\u00f6t\u00e9s<\/h3>\n<\/div>\n<p>(1) Aj\u00e1nlataink \u00e9s el\u0151zetes k\u00f6lts\u00e9gvet\u00e9seink k\u00f6telezetts\u00e9gv\u00e1llal\u00e1st nem jelentenek \u00e9s m\u00f3dos\u00edthat\u00f3ak. Szerz\u0151d\u00e9sk\u00f6t\u00e9snek a megrendel\u00e9s r\u00e9sz\u00fcnkr\u0151l t\u00f6rt\u00e9n\u0151 \u00edr\u00e1sos visszaigazol\u00e1sa sz\u00e1m\u00edt. A m\u00e9retek, t\u00f6megek, \u00e1br\u00e1k \u00e9s rajzok vagy egy\u00e9b adatok a kivitelez\u00e9s szempontj\u00e1b\u00f3l csak akkor k\u00f6telez\u0151 erej\u0171ek, ha \u00edr\u00e1sban kifejezetten visszaigazol\u00e1sra ker\u00fclnek. A saj\u00e1t, vagy \u00e1ltalunk forgalmazott term\u00e9kek m\u0171szaki adatai a m\u00f3dos\u00edt\u00e1s lehet\u0151s\u00e9g\u00e9nek fenntart\u00e1sa mellett \u00e9rv\u00e9nyesek.<br \/>\n(2) A megrendel\u00e9s \u00e9rv\u00e9nyess\u00e9ge vonatkoz\u00e1s\u00e1ban kiz\u00e1r\u00f3lag a megrendel\u00e9s r\u00e9sz\u00fcnkr\u0151l t\u00f6rt\u00e9nt visszaigazol\u00e1sa m\u00e9rvad\u00f3. K\u00e9s\u0151bbi kieg\u00e9sz\u00edt\u00e9sek, m\u00f3dos\u00edt\u00e1sok vagy egy\u00e9b meg\u00e1llapod\u00e1sok csak \u00edr\u00e1sos visszaigazol\u00e1sunk eset\u00e9n \u00e9rv\u00e9nyesek.<br \/>\n(3) A megadott m\u00e9retek \u2013 amennyiben m\u00e1s m\u00e9rt\u00e9kegys\u00e9g nem ker\u00fcl felt\u00fcntet\u00e9sre \u2013 millim\u00e9terben \u00e9rtend\u0151k. A t\u0171r\u00e9shat\u00e1rok a DIN illetve az AKE Hung\u00e1ria Kft. \u00e1ltal alkalmazott gy\u00e1rt\u00e1si szabv\u00e1nyok szerint alakulnak, amelyeket a Megrendel\u0151 elfogad.<\/p>\n<\/div>\n<div id=\"c79\" class=\"csc-default csc-space-after-30\">\n<div class=\"csc-header csc-header-n4\">\n<h3>3.\u00a7 \u00c1rak<\/h3>\n<\/div>\n<p>(1) A meg\u00e1llapodott \u00e1rak forintban \u00e9s nett\u00f3 \u00f6sszegben \u00e9rtend\u0151k (k\u00fcl\u00f6n meg\u00e1llapod\u00e1s eset\u00e9n Eur\u00f3ban), melyek a csomagol\u00e1si k\u00f6lts\u00e9get magukban foglalj\u00e1k. A sz\u00e1ll\u00edt\u00e1si k\u00f6lts\u00e9geket felmer\u00fcl\u00e9s\u00fck m\u00e9rt\u00e9k\u00e9ben h\u00e1r\u00edtjuk \u00e1t a Megrendel\u0151re a mindenkori postai csomagsz\u00e1ll\u00edt\u00e1si tarif\u00e1knak, illetve a k\u00f6z\u00fati sz\u00e1ll\u00edt\u00e1si tarif\u00e1knak megfelel\u0151en. Az \u00c1FA a mindenkori t\u00f6rv\u00e9nyes m\u00e9rt\u00e9knek megfelel\u0151en ker\u00fcl felsz\u00e1m\u00edt\u00e1sra.<br \/>\n(2) A nett\u00f3 \u00e1rak kisz\u00e1m\u00edt\u00e1sa k\u00f6r\u00e9ben a t\u00e1rsas\u00e1g \u00e1ltal meg\u00e1llap\u00edtott darabsz\u00e1mok, mennyis\u00e9gek \u00e9s t\u00f6megek m\u00e9rvad\u00f3ak, amennyiben ezt a Megrendel\u0151 elfogadja. A darab\u00e1rak a norm\u00e1l kivitelre vonatkoznak. Speci\u00e1lis gy\u00e1rtm\u00e1nyok ut\u00e1nrendel\u00e9se eset\u00e9n fenntartjuk a jogot az \u00e1r \u00fajrakalkul\u00e1l\u00e1s\u00e1ra.<br \/>\n(3) A kombin\u00e1ci\u00f3kb\u00f3l sz\u00e1rmaz\u00f3 szersz\u00e1mk\u00e9szletek \u00e1rait az egyedi szersz\u00e1mokra vonatkoz\u00f3 \u00e1rkalkul\u00e1ci\u00f3 szerint munk\u00e1ljuk ki. Az \u00e1rlist\u00e1n nem szerepl\u0151 szersz\u00e1mkombin\u00e1ci\u00f3k vonatkoz\u00e1s\u00e1ban a funkci\u00f3f\u00fcgg\u0151 egys\u00e9gekre az \u00e1ltal\u00e1nos \u00f3rad\u00edjainknak megfelel\u0151 p\u00f3tl\u00e9kot sz\u00e1m\u00edtjuk fel.<br \/>\n(4) Az AKE Hung\u00e1ria Kft. indokolt esetben jogosult a Megrendel\u0151nek felsz\u00e1m\u00edtani az esetleges fizet\u0151k\u00e9pess\u00e9gi vizsg\u00e1lat szok\u00e1sos k\u00f6lts\u00e9geit.<br \/>\n(5) Amennyiben a szerz\u0151d\u00e9s megk\u00f6t\u00e9s\u00e9t k\u00f6vet\u0151en jelent\u0151s v\u00e1ltoz\u00e1s k\u00f6vetkezik be a megrendel\u00e9ssel kapcsolatos valamely k\u00f6lts\u00e9gben, \u00fagy a szerz\u0151d\u0151 felek k\u00f6telesek egym\u00e1st \u00e9rtes\u00edteni az \u00e1rak kiigaz\u00edt\u00e1s\u00e1nak ig\u00e9ny\u00e9r\u0151l. A k\u00f6lts\u00e9gv\u00e1ltoz\u00e1s akkor sz\u00e1m\u00edt jelent\u0151snek, ha a kialkudott \u00e1rhoz viszony\u00edtva az elt\u00e9r\u00e9s a 20 %-ot meghaladja. Amennyiben megegyez\u00e9s nem j\u00f6n l\u00e9tre az \u00faj \u00e1rakat illet\u0151en, \u00fagy mindk\u00e9t szerz\u0151d\u0151 f\u00e9l a t\u00e1rgyal\u00e1sok meghi\u00fasul\u00e1s\u00e1t k\u00f6vet\u0151en 2 h\u00e9ten bel\u00fcl jogosult a szerz\u0151d\u00e9st\u0151l val\u00f3 el\u00e1ll\u00e1sra. A szerz\u0151d\u00e9st\u0151l val\u00f3 el\u00e1ll\u00e1s csak \u00edr\u00e1sban elfogadott.<\/p>\n<\/div>\n<div id=\"c82\" class=\"csc-default csc-space-after-30\">\n<div class=\"csc-header csc-header-n5\">\n<h3>4.\u00a7 Fizet\u00e9si felt\u00e9telek<\/h3>\n<\/div>\n<p>(1) Elt\u00e9r\u0151 meg\u00e1llapod\u00e1s hi\u00e1ny\u00e1ban a sz\u00e1ml\u00e1k a teljes\u00edt\u00e9skor k\u00e9szp\u00e9nzben, csekkel (k\u00e9szp\u00e9nzfizet\u00e9si sz\u00e1mla), illet\u0151leg \u00e1tutal\u00e1sos sz\u00e1ml\u00e1n\u00e1l a kisz\u00e1ll\u00edt\u00e1st k\u00f6vet\u0151 10 napon bel\u00fcl fizethet\u0151k k\u00e9sedelmi p\u00f3tl\u00e9k n\u00e9lk\u00fcl. A munkad\u00edjas megb\u00edz\u00e1sok (pl. jav\u00edt\u00e1s, szerviz-szolg\u00e1ltat\u00e1sok) a sz\u00e1mla ki\u00e1ll\u00edt\u00e1s\u00e1t k\u00f6vet\u0151en azonnal esed\u00e9kesek. A fent nevezett fizet\u00e9si hat\u00e1rid\u0151k akkor sz\u00e1m\u00edtanak megtartottnak, ha ezen fel\u00fcl megny\u00edlik a rendelkez\u00e9si lehet\u0151s\u00e9g\u00fcnk a vonatkoz\u00f3 \u00f6sszeg felett. A sz\u00e1mla\u00f6sszegek k\u00e9szp\u00e9nzben p\u00e9nzt\u00e1runkban, illetve ter\u00fcleti k\u00e9pvisel\u0151n\u00e9l fizethet\u0151k be. A k\u00e9szp\u00e9nzes fizet\u00e9ssel egyen\u00e9rt\u00e9k\u0171 a valamely \u00fczleti banksz\u00e1ml\u00e1ra t\u00f6rt\u00e9n\u0151 p\u00e9nz\u00fcgyi teljes\u00edt\u00e9s. (csekkbefizet\u00e9s illetve \u00e1tutal\u00e1s)<br \/>\n(2) Besz\u00e1m\u00edt\u00e1s csak nem vitatott, \u00edr\u00e1sban r\u00f6gz\u00edtett vagy joger\u0151sen meg\u00e1llap\u00edtott k\u00f6vetel\u00e9sekkel szemben lehets\u00e9ges. A Megrendel\u0151 nem jogosult p\u00e9nz\u00f6sszegek visszatart\u00e1s\u00e1ra, kiv\u00e9ve az ugyanazon szerz\u0151d\u00e9ses jogviszonyb\u00f3l sz\u00e1rmaz\u00f3 k\u00f6vetel\u00e9s alapj\u00e1n. A besz\u00e1m\u00edt\u00e1s erej\u00e9ig a k\u00f6telezetts\u00e9gek megsz\u0171nnek.<br \/>\n(3) Az AKE Hung\u00e1ria Kft. jogosult a m\u00e1r teljes\u00edtett szolg\u00e1ltat\u00e1sok\u00e9rt r\u00e9sz\u00f6sszeg fizet\u00e9s\u00e9t k\u00e9rni.<br \/>\n(4) Egyedi gy\u00e1rt\u00e1sra vonatkoz\u00f3 megrendel\u00e9s eset\u00e9n a nett\u00f3 rendel\u00e9si \u00e9rt\u00e9k 30 %-\u00e1t k\u00f6teles a Megrendel\u0151 el\u0151legk\u00e9nt megfizetni a szerz\u0151d\u00e9sben r\u00f6gz\u00edtett id\u0151pontban \u00e9s felt\u00e9telekkel.<br \/>\n(5) \u00daj Megrendel\u0151 els\u0151 megb\u00edz\u00e1sa eset\u00e9n fizet\u00e9si m\u00f3dk\u00e9nt csak a k\u00e9szp\u00e9nzes, az el\u0151re fizet\u00e9s, illetve az ut\u00e1nv\u00e9tel j\u00f6het sz\u00e1m\u00edt\u00e1sba kiegyenl\u00edt\u00e9si m\u00f3dozatk\u00e9nt.<br \/>\n(6) K\u00e9sedelmes fizet\u00e9s eset\u00e9n a k\u00e9sedelmi kamat m\u00e9rt\u00e9ke a k\u00e9sedelemmel \u00e9rintett napt\u00e1ri f\u00e9l\u00e9vet megel\u0151z\u0151 utols\u00f3 napon \u00e9rv\u00e9nyes jegybanki alapkamat h\u00e9t sz\u00e1zal\u00e9kkal n\u00f6velt \u00f6sszege.<\/p>\n<\/div>\n<div id=\"c83\" class=\"csc-default csc-space-after-30\">\n<div class=\"csc-header csc-header-n6\">\n<h3>5.\u00a7 Sz\u00e1ll\u00edt\u00e1s<\/h3>\n<\/div>\n<p>(1) A sz\u00e1ll\u00edt\u00e1s \u2013 amennyiben a felek nem \u00e1llapodnak meg kifejezetten valamilyen m\u00e1s parit\u00e1sban \u2013 \u201eex works\u201d AKE Hung\u00e1ria Kft. sz\u00e9khely\u00e9n m\u0171k\u00f6d\u0151 rakt\u00e1rb\u00f3l t\u00f6rt\u00e9nik.<br \/>\n(2) Amennyiben nincsenek kifejezetten k\u00f6telez\u0151 hat\u00e1rid\u0151k\u00e9nt neves\u00edtve, a jelzett sz\u00e1ll\u00edt\u00e1si hat\u00e1rid\u0151k csak t\u00e1j\u00e9koztat\u00f3 jelleg\u0171ek.<br \/>\n(3) A sz\u00e1ll\u00edt\u00e1si hat\u00e1rid\u0151 a megrendel\u00e9s visszaigazol\u00e1s\u00e1nak elk\u00fcld\u00e9s\u00e9vel veszi kezdet\u00e9t, de csak miut\u00e1n azok az iratok, enged\u00e9lyek, j\u00f3v\u00e1hagy\u00e1sok, amiket a megrendel\u0151nek kell rendelkez\u00e9sre bocs\u00e1tani, rendelkez\u00e9sre \u00e1llnak, valamint a meg\u00e1llapod\u00e1s szerinti el\u0151leg be\u00e9rkezett.<br \/>\n(4) A sz\u00e1ll\u00edt\u00e1si hat\u00e1rid\u0151 megtartott, ha a megrendelt dolog annak lej\u00e1rat\u00e1t megel\u0151z\u0151en felad\u00e1sra ker\u00fcl, vagy a felad\u00e1sra k\u00e9sz \u00e1llapot a Megrendel\u0151vel k\u00f6zl\u00e9sre ker\u00fcl.<br \/>\n(5) A felek \u00e1ltal nem befoly\u00e1solhat\u00f3 el\u0151re nem l\u00e1tott esem\u00e9nyek (pl. \u00fczemzavar, sztr\u00e1jk, term\u00e9szeti katasztr\u00f3fa, stb.) a sz\u00e1ll\u00edt\u00e1si hat\u00e1rid\u0151t megfelel\u0151en meghosszabb\u00edtja, de az esem\u00e9ny bek\u00f6vetkeztekor \u00edr\u00e1sban kell err\u0151l \u00e9rtes\u00edteni a Megrendel\u0151t. Ugyanez vonatkozik a megrendel\u00e9s ut\u00f3lagos m\u00f3dos\u00edt\u00e1sa eset\u00e9re is.<br \/>\n(6) Az AKE Hung\u00e1ria Kft. jogosult az el\u0151rehozott teljes\u00edt\u00e9sre, r\u00e9szteljes\u00edt\u00e9sre \u00e9s r\u00e9szsz\u00e1ml\u00e1z\u00e1sra.<br \/>\n(7) Amennyiben a sz\u00e1ll\u00edt\u00e1s a Megrendel\u0151 k\u00e9r\u00e9s\u00e9re a hat\u00e1rid\u0151n\u00e9l k\u00e9s\u0151bb t\u00f6rt\u00e9nik, vagy ha a Megrendel\u0151 az \u00e1tv\u00e9tellel k\u00e9sedelembe esik, \u00fagy a megrendel\u00e9s t\u00e1rgya rendelkez\u00e9sre \u00e1ll\u00e1sa k\u00f6zl\u00e9s\u00e9t k\u00f6vet\u0151 napt\u00e1ri h\u00f3napt\u00f3l felsz\u00e1m\u00edt\u00e1sra ker\u00fclnek a rakt\u00e1roz\u00e1ssal \u00f6sszef\u00fcgg\u00e9sben felmer\u00fclt k\u00f6lts\u00e9gek. Az AKE Hung\u00e1ria Kft. a m\u00e9lt\u00e1nyos hat\u00e1rid\u0151 lej\u00e1rt\u00e1t k\u00f6vet\u0151en jogosult m\u00e1sk\u00e9nt rendelkezni a megrendelt \u00e1ruval, \u00e9s a Megrendel\u0151nek m\u00e9lt\u00e1nyos meghosszabb\u00edtott hat\u00e1rid\u0151vel m\u00e1sikat sz\u00e1ll\u00edtani, illetve az \u00e1rut \u00e9rt\u00e9kes\u00edteni.<br \/>\n(8) Az AKE Hung\u00e1ria Kft. nem esik k\u00e9sedelembe, ha a Megrendel\u0151 a maga r\u00e9sz\u00e9r\u0151l el van maradva bizonyos inform\u00e1ci\u00f3k szolg\u00e1ltat\u00e1s\u00e1val, melyek k\u00f6zl\u00e9se az \u0151 feladat\u00e1t k\u00e9pezi, s melyek a szerz\u0151d\u00e9s teljes\u00edt\u00e9s\u00e9hez sz\u00fcks\u00e9gesek.<br \/>\n(9) Leh\u00edv\u00e1sn\u00e1l t\u00f6rt\u00e9n\u0151 megrendel\u00e9sekn\u00e9l az \u00e1rut \u2013 m\u00e1s meg\u00e1llapod\u00e1s hi\u00e1ny\u00e1ban \u2013 a megrendel\u00e9s visszaigazol\u00e1s\u00e1t\u00f3l sz\u00e1m\u00edtott 3 h\u00f3napon bel\u00fcl teljes k\u00f6r\u0171en \u00e1t kell venni. E hat\u00e1rid\u0151 eltelt\u00e9t k\u00f6vet\u0151en az \u00e1t nem vett \u00e1rucikkek illetve adott esetben a teljes megrendel\u00e9s \u2013 \u00e1llom\u00e1ny lesz\u00e1ll\u00edt\u00e1s\u00e1ra a Megrendel\u0151 k\u00f6lts\u00e9g\u00e9re ker\u00fcl sor.<\/p>\n<\/div>\n<div id=\"c84\" class=\"csc-default csc-space-after-30\">\n<div class=\"csc-header csc-header-n7\">\n<h3>6.\u00a7 A k\u00e1rvesz\u00e9ly visel\u00e9s\u00e9nek \u00e1tsz\u00e1ll\u00e1sa<\/h3>\n<\/div>\n<p>(1) A k\u00e1rvesz\u00e9ly visel\u00e9se akkor sz\u00e1ll \u00e1t a Megrendel\u0151re, ha a megrendelt dolgok elhagyj\u00e1k a gy\u00e1runkat vagy rakt\u00e1runkat, f\u00fcggetlen\u00fcl att\u00f3l, hogy ez saj\u00e1t vagy idegen sz\u00e1ll\u00edt\u00f3eszk\u00f6z\u00f6n t\u00f6rt\u00e9nik.<br \/>\n(2) Fuvaroz\u00f3 k\u00f6zben j\u00f6tt\u00e9vel t\u00f6rt\u00e9n\u0151 sz\u00e1ll\u00edt\u00e1s eset\u00e9n a Megrendel\u0151 k\u00f6teles \u2013 a sz\u00e1ll\u00edt\u00f3 \u00e9rdek\u00e9ben \u2013 a fuvaroz\u00f3val szembeni ig\u00e9ny \u00e9rv\u00e9nyes\u00edt\u00e9s\u00e9hez sz\u00fcks\u00e9ges int\u00e9zked\u00e9seket megtenni \u00e9s err\u0151l a sz\u00e1ll\u00edt\u00f3t halad\u00e9ktalanul \u00e9rtes\u00edteni. Az int\u00e9zked\u00e9sek elmulaszt\u00e1sa eset\u00e9n a megrendel\u0151 nem k\u00f6vetelheti a sz\u00e1ll\u00edt\u00f3t\u00f3l azoknak a k\u00e1roknak a megt\u00e9r\u00edt\u00e9s\u00e9t, illetve felel azok\u00e9rt a k\u00e1rok\u00e9rt, amelyek a fuvaroz\u00f3val szemben \u00e9rv\u00e9nyes\u00edthet\u0151k lettek volna.<br \/>\n(3) Amennyiben a sz\u00e1ll\u00edt\u00e1s valamely, a Megrendel\u0151 \u00e9rdekk\u00f6r\u00e9ben felmer\u00fcl\u0151 okb\u00f3l elh\u00faz\u00f3dik, \u00fagy a k\u00e1rvesz\u00e9ly visel\u00e9se a megrendelt dolgok rendelkez\u00e9sre \u00e1ll\u00e1sa k\u00f6zl\u00e9s\u00e9vel sz\u00e1ll \u00e1t a Megrendel\u0151re. Ez a rendelkez\u00e9s abban az esetben is \u00e9rv\u00e9nyes, ha r\u00e9szsz\u00e1ll\u00edt\u00e1sokra ker\u00fcl sor, vagy m\u00e1s dolgokat, pl. a felad\u00e1si k\u00f6lts\u00e9gek visel\u00e9s\u00e9t, az odasz\u00e1ll\u00edt\u00e1st vagy fel\u00e1ll\u00edt\u00e1st az AKE Hung\u00e1ria Kft. v\u00e1llalta.<br \/>\n(4) Amennyiben a Megrendel\u0151 k\u00fcl\u00f6n nem k\u00e9ri, \u00fagy a sz\u00e1ll\u00edtm\u00e1nyokat nem biztos\u00edtjuk t\u00f6r\u00e9s vagy sz\u00e1ll\u00edt\u00e1s alatti s\u00e9r\u00fcl\u00e9s, t\u0171z, lop\u00e1s \u00e9s hasonl\u00f3k ellen. Amennyiben a Megrendel\u0151 k\u00e9ri, \u00fagy az \u0151 k\u00f6lts\u00e9g\u00e9re megk\u00f6tj\u00fck a biztos\u00edt\u00e1st.<\/p>\n<\/div>\n<div id=\"c85\" class=\"csc-default csc-space-after-30\">\n<div class=\"csc-header csc-header-n8\">\n<h3>7.\u00a7 Tulajdonjog-fenntart\u00e1s<\/h3>\n<\/div>\n<p>(1) A megrendel\u00e9s k\u00f6r\u00e9be tartoz\u00f3 valamennyi \u00e1rura teljes k\u00f6rben fenntartjuk a tulajdonjogunkat a Megrendel\u0151vel fenn\u00e1ll\u00f3 \u00fczleti viszonyb\u00f3l ered\u0151 valamennyi k\u00f6vetel\u00e9s teljes k\u00f6r\u0171 rendez\u00e9s\u00e9ig.<br \/>\n(2) A Megrendel\u0151 a tulajdonjog-fenntart\u00e1s hat\u00e1lyoss\u00e1ga idej\u00e9n a dolgot nem idegen\u00edtheti el \u00e9s nem terhelheti meg, \u00e9s biztos\u00edt\u00e9kk\u00e9nt sem adhatja \u00e1t. Amennyiben a dolog v\u00e9grehajt\u00e1s vagy lefoglal\u00e1s al\u00e1 ker\u00fcl, avagy harmadik szem\u00e9lyek egy\u00e9b m\u00f3don rendelkeznek vele, \u00fagy halad\u00e9ktalanul \u00e9rtes\u00edteni kell az AKE Hung\u00e1ria Kft-t.<br \/>\n(3) Amennyiben valamely megrendelt dolog m\u00e1s, nem a mi tulajdonunkat k\u00e9pez\u0151 dologgal \u00f6sszedolgoz\u00e1sra, \u00f6sszekapcsol\u00e1sra vagy \u00f6sszekever\u00e9sre ker\u00fcl, \u00fagy a Megrendel\u0151 ezennel r\u00e1nk ruh\u00e1zza az \u00faj dolog r\u00e9sztulajdonjog\u00e1t a neki felsz\u00e1m\u00edtott \u00e1f\u00e1val n\u00f6velt \u00f6sszeg erej\u00e9ig. Az \u00faj dolgot a Megrendel\u0151 ingyenesen \u0151rzi sz\u00e1munkra.<br \/>\n(4) A Megrendel\u0151 k\u00f6teless\u00e9gszeg\u00e9se \u2013 k\u00fcl\u00f6n\u00f6sen fizet\u00e9si k\u00e9sedelem \u2013 eset\u00e9n az AKE Hung\u00e1ria Kft. a szerz\u0151d\u00e9st\u0151l val\u00f3 el\u00e1ll\u00e1st k\u00f6vet\u0151en jogosult a megrendelt dolgot visszak\u00e9rni, a Megrendel\u0151 pedig k\u00f6teles annak visszaszolg\u00e1ltat\u00e1s\u00e1ra. Ilyen esetekben a visszaszolg\u00e1ltat\u00e1s k\u00f6lts\u00e9geit a Megrendel\u0151 viseli. A lesz\u00e1ll\u00edtott, majd visszaszolg\u00e1ltatott dolgok haszn\u00e1lat\u00e1\u00e9rt haszn\u00e1lati d\u00edj j\u00e1r, az \u00e9rt\u00e9kcs\u00f6kken\u00e9s ellent\u00e9telez\u00e9sk\u00e9nt pedig olyan \u00f6sszeg, amely a haszn\u00e1lat tartam\u00e1ra es\u0151 szok\u00e1sos piaci b\u00e9rleti d\u00edjnak megfelel. A Megrendel\u0151nek azonban lehet\u0151s\u00e9ge van arra, hogy bizony\u00edtsa az AKE Hung\u00e1ria Kft-nek k\u00e1ra nem keletkezett, illetve az sokkal alacsonyabb, mint a fenti \u00e1tal\u00e1nyd\u00edj \u00f6sszege.<\/p>\n<\/div>\n<div id=\"c86\" class=\"csc-default csc-space-after-30\">\n<div class=\"csc-header csc-header-n9\">\n<h3>8.\u00a7 Szavatoss\u00e1g, j\u00f3t\u00e1ll\u00e1s (garancia)<\/h3>\n<\/div>\n<p>(1) Az \u00faj dolgokra vonatkoz\u00f3 szavatoss\u00e1g id\u0151tartama 2 \u00e9v, amely a megrendelt dolog lesz\u00e1ll\u00edt\u00e1s\u00e1val kezd\u0151dik. A haszn\u00e1lt dolog vonatkoz\u00e1s\u00e1ban a szavatoss\u00e1gi k\u00f6telezetts\u00e9g 1 \u00e9v.<br \/>\n(2) Mag\u00e1nak a dolognak vagy \u2013 ha van \u2013 a szerel\u00e9si utas\u00edt\u00e1snak a nyilv\u00e1nval\u00f3 hi\u00e1nyoss\u00e1gait, a t\u00e9ves sz\u00e1ll\u00edt\u00e1sokat vagy mennyis\u00e9gi elt\u00e9r\u00e9seket az \u00e9szlel\u00e9st k\u00f6vet\u0151en halad\u00e9ktalanul, de legk\u00e9s\u0151bb a megrendelt dolgok \u00e1tv\u00e9tel\u00e9t k\u00f6vet\u0151 7 munkanapon bel\u00fcl \u00edr\u00e1sban kell \u00e9rv\u00e9nyes\u00edteni. Amennyiben a fentiekben \u00edrt hi\u00e1nyoss\u00e1g k\u00e9s\u0151bb der\u00fcl ki, \u00fagy azt halad\u00e9ktalanul jelezni kell.<br \/>\n(3) Szavatoss\u00e1gi k\u00f6telezetts\u00e9g\u00fcnk keret\u00e9ben v\u00e1laszt\u00e1sunk szerint vagy kijav\u00edtjuk a hib\u00e1t, vagy kicser\u00e9lj\u00fck az \u00e1rut. A kicser\u00e9lt \u00e1rucikkek az AKE Hung\u00e1ria Kft. tulajdon\u00e1ba ker\u00fclnek. A hibaelh\u00e1r\u00edt\u00e1s vagy csere azon t\u00f6bbletk\u00f6lts\u00e9geit nem viselj\u00fck, amelyek amiatt keletkeztek, hogy a Megrendel\u0151 a dolgot arr\u00f3l a helyr\u0151l, ahova az eredetileg lesz\u00e1ll\u00edt\u00e1sra ker\u00fclt, egy m\u00e1sik helyre sz\u00e1ll\u00edtotta.<br \/>\n(4) Amennyiben az AKE Hung\u00e1ria Kft. a hiba kijav\u00edt\u00e1s\u00e1t vagy az \u00e1ru kicser\u00e9l\u00e9s\u00e9t az ar\u00e1nytalanul magas k\u00f6lts\u00e9gek miatt megtagadta, vagy amennyiben \u2013 az adott esetben k\u00e9tszer megism\u00e9telt \u2013 hibaelh\u00e1r\u00edt\u00e1s vagy csere v\u00e9glegesen meghi\u00fasul, vagy a Megrendel\u0151t\u0151l nem lenne elv\u00e1rhat\u00f3, \u00fagy a Megrendel\u0151 v\u00e1laszt\u00e1sa szerint \u00e1rlesz\u00e1ll\u00edt\u00e1st k\u00e9rhet vagy \u2013 amennyiben jelent\u0151s hib\u00e1r\u00f3l van sz\u00f3 \u2013 a szerz\u0151d\u00e9st\u0151l el\u00e1llhat. A Megrendel\u0151 tov\u00e1bbi ig\u00e9nyei a 9.\u00a7 (felel\u0151ss\u00e9g) szerint alakulnak.<br \/>\n(5) Amennyiben valamely hibajelz\u00e9s megalapozatlannak bizonyul, \u00fagy a k\u00f6zrem\u0171k\u00f6d\u00e9s\u00fcnk kapcs\u00e1n keletkezett k\u00f6lts\u00e9geket a Megrendel\u0151 viseli, az adott id\u0151pontban \u00e9rv\u00e9nyes \u00e1ltal\u00e1nos \u00f3rad\u00edjaink szerint.<br \/>\n(6) A megrendelt \u00e1ru tulajdons\u00e1gaira vagy tart\u00f3ss\u00e1g\u00e1ra vonatkoz\u00f3 garancia \u2013 a t\u00f6rv\u00e9nyi k\u00f6telezetts\u00e9geken t\u00falmen\u0151en \u2013 csak akkor \u00e9l, ha az AKE Hung\u00e1ria Kft. \u00edr\u00e1sbeli garancianyilatkozatot adott ki.<\/p>\n<\/div>\n<div id=\"c87\" class=\"csc-default csc-space-after-30\">\n<div class=\"csc-header csc-header-n10\">\n<h3>9.\u00a7 K\u00e1rt\u00e9r\u00edt\u00e9si felel\u0151ss\u00e9g<\/h3>\n<\/div>\n<p>(1) Az AKE Hung\u00e1ria Kft. a szerz\u0151d\u00e9ses jogviszony keret\u00e9ben jogellenesen okozott k\u00e1r\u00e9rt v\u00e1llalja a felel\u0151ss\u00e9get, ha bizony\u00edthat\u00f3 m\u00f3don nem \u00fagy j\u00e1rt el, ahogy az az adott helyzetben \u00e1ltal\u00e1ban elv\u00e1rhat\u00f3 lett volna.<br \/>\n(2) Felel\u0151ss\u00e9g terheli a t\u00e1rsas\u00e1got, ha a k\u00e1rt maga az AKE Hung\u00e1ria Kft. vagy a teljes\u00edt\u00e9sben k\u00f6zrem\u0171k\u00f6d\u0151k sz\u00e1nd\u00e9kosan vagy s\u00falyos gondatlans\u00e1gb\u00f3l okozt\u00e1k, vagy ha a c\u00e9g garanci\u00e1t vagy beszerz\u00e9si kock\u00e1zatot v\u00e1llalt. Amennyiben az AKE Hung\u00e1ria Kft. l\u00e9nyeges, szerz\u0151d\u00e9sen alapul\u00f3 k\u00f6telezetts\u00e9geket szeg meg, \u00fagy gondatlans\u00e1g\u00e9rt is felel, kiv\u00e9ve ha az adott szerz\u0151d\u00e9st\u00edpusra nem jellemz\u0151, el\u0151re nem l\u00e1that\u00f3 k\u00e1rokr\u00f3l van sz\u00f3.<br \/>\n(3) A Megrendel\u0151 el\u00e1ll\u00e1si jog\u00e1t a fenti rendelkez\u00e9s nem korl\u00e1tozza. Ugyanez vonatkozik a term\u00e9kfelel\u0151ss\u00e9gr\u0151l sz\u00f3l\u00f3 t\u00f6rv\u00e9ny alapj\u00e1n fenn\u00e1ll\u00f3 k\u00e1rt\u00e9r\u00edt\u00e9si felel\u0151ss\u00e9gre.<\/p>\n<\/div>\n<div id=\"c88\" class=\"csc-default csc-space-after-30\">\n<div class=\"csc-header csc-header-n11\">\n<h3>10.\u00a7 Jogv\u00e9delem, iratok \u0151rz\u00e9se<\/h3>\n<\/div>\n<p>(1) A t\u00e1rsas\u00e1g rajzai, \u00e1br\u00e1i, v\u00e1zlatai, mint\u00e1i, egy\u00e9b dokumentumai \u00e9s katal\u00f3gusai vonatkoz\u00e1s\u00e1ban minden fajta jogv\u00e9delmet fenntartunk (pl. szerz\u0151i jog). A felsorolt dokumentumokat vagy mint\u00e1kat j\u00f3v\u00e1hagy\u00e1sunk n\u00e9lk\u00fcl kivonatosan sem szabad terjeszteni, sokszoros\u00edtani, vagy k\u00f6zz\u00e9tenni.<br \/>\n(2) Amennyiben a Megrendel\u0151 dokumentumokat bocs\u00e1t rendelkez\u00e9s\u00fcnkre, \u00fagy k\u00f6teles azokat a megb\u00edz\u00e1s v\u00e9g\u00e9n visszavenni. A dokumentumokat a megrendel\u00e9s lebonyol\u00edt\u00e1sa befejez\u00e9s\u00e9t k\u00f6vet\u0151en maximum 3 h\u00f3napig \u0151rizz\u00fck meg.<\/p>\n<\/div>\n<div id=\"c89\" class=\"csc-default csc-space-after-30\">\n<div class=\"csc-header csc-header-n12\">\n<h3>11.\u00a7 R\u00e9szleges \u00e9rv\u00e9nytelens\u00e9g<\/h3>\n<\/div>\n<p>Amennyiben a jelen szerz\u0151d\u00e9si felt\u00e9telek egyes rendelkez\u00e9sei, sz\u00f6vegr\u00e9sze \u00e9rv\u00e9nytelennek bizonyulnak, \u00fagy ez nem \u00e9rinti a t\u00f6bbi rendelkez\u00e9s \u00e9rv\u00e9nyess\u00e9g\u00e9t.<\/p>\n<\/div>\n<div id=\"c90\" class=\"csc-default csc-space-after-30\">\n<div class=\"csc-header csc-header-n13\">\n<h3>12.\u00a7 A hat\u00e1lyos jog, a teljes\u00edt\u00e9s helye \u00e9s a b\u00edr\u00f3s\u00e1gi illet\u00e9kess\u00e9g<\/h3>\n<\/div>\n<p>(1) B\u00e1rmely, a t\u00e1rsas\u00e1ggal fenn\u00e1ll\u00f3 jogviszony vonatkoz\u00e1s\u00e1ban a Ptk. rendelkez\u00e9sei ir\u00e1nyad\u00f3ak. Ugyan\u00edgy a Ptk. jog ir\u00e1nyad\u00f3 a jelen \u00c1ltal\u00e1nos Szerz\u0151d\u00e9si Felt\u00e9telek alkalmaz\u00e1sa tekintet\u00e9ben is.<br \/>\n(2) A gazdas\u00e1gi \u00e9let szerepl\u0151ivel fenntartott \u00fczleti kapcsolatokban a teljes\u00edt\u00e9s helye 9700 Szombathely, V\u00e1s\u00e1rt\u00e9r u. 12. sz\u00e1m. Per \u00e9s jogvita eset\u00e9re a felek a Szombathelyi V\u00e1rosi B\u00edr\u00f3s\u00e1g kiz\u00e1r\u00f3lagos illet\u00e9kess\u00e9g\u00e9ben \u00e1llapodnak meg.<\/p>\n<p>Szombathely, 2011.04.28.<\/p>\n<\/div>\n<\/div><div class=\"fusion-clearfix\"><\/div>\n\n\t\t\t\t\t<\/div>\n\t\t\t\t<\/div><\/div><\/div>\n","protected":false},"excerpt":{"rendered":"","protected":false},"author":1,"featured_media":0,"parent":0,"menu_order":0,"comment_status":"closed","ping_status":"closed","template":"","meta":{"footnotes":""},"class_list":["post-11476","page","type-page","status-publish","hentry"],"_links":{"self":[{"href":"https:\/\/ake.de\/hu\/wp-json\/wp\/v2\/pages\/11476","targetHints":{"allow":["GET"]}}],"collection":[{"href":"https:\/\/ake.de\/hu\/wp-json\/wp\/v2\/pages"}],"about":[{"href":"https:\/\/ake.de\/hu\/wp-json\/wp\/v2\/types\/page"}],"author":[{"embeddable":true,"href":"https:\/\/ake.de\/hu\/wp-json\/wp\/v2\/users\/1"}],"replies":[{"embeddable":true,"href":"https:\/\/ake.de\/hu\/wp-json\/wp\/v2\/comments?post=11476"}],"version-history":[{"count":5,"href":"https:\/\/ake.de\/hu\/wp-json\/wp\/v2\/pages\/11476\/revisions"}],"predecessor-version":[{"id":11908,"href":"https:\/\/ake.de\/hu\/wp-json\/wp\/v2\/pages\/11476\/revisions\/11908"}],"wp:attachment":[{"href":"https:\/\/ake.de\/hu\/wp-json\/wp\/v2\/media?parent=11476"}],"curies":[{"name":"wp","href":"https:\/\/api.w.org\/{rel}","templated":true}]}}